{"id":4342,"date":"2018-10-18T18:33:04","date_gmt":"2018-10-18T16:33:04","guid":{"rendered":"https:\/\/www.lafresca.fm\/?post_type=radiochannel&#038;p=4342"},"modified":"2023-06-29T16:51:58","modified_gmt":"2023-06-29T14:51:58","slug":"alicante","status":"publish","type":"radiochannel","link":"https:\/\/www.lafresca.fm\/emision\/alicante\/","title":{"rendered":"Interior de Alicante"},"content":{"rendered":"\t\t<div data-elementor-type=\"wp-post\" data-elementor-id=\"6224\" class=\"elementor elementor-6224\">\n\t\t\t\t\t\t<section class=\"elementor-section elementor-top-section elementor-element elementor-element-863cc45 elementor-section-height-min-height elementor-section-content-middle elementor-section-stretched elementor-section-boxed elementor-section-height-default elementor-section-items-middle\" data-id=\"863cc45\" data-element_type=\"section\" data-e-type=\"section\" data-settings=\"{&quot;stretch_section&quot;:&quot;section-stretched&quot;,&quot;background_background&quot;:&quot;classic&quot;}\">\n\t\t\t\t\t\t\t<div class=\"elementor-background-overlay\"><\/div>\n\t\t\t\t\t\t\t<div class=\"elementor-container elementor-column-gap-default\">\n\t\t\t\t\t<div class=\"elementor-column elementor-col-66 elementor-top-column elementor-element elementor-element-7d396a9\" data-id=\"7d396a9\" data-element_type=\"column\" data-e-type=\"column\">\n\t\t\t<div class=\"elementor-widget-wrap elementor-element-populated\">\n\t\t\t\t\t\t<div class=\"elementor-element elementor-element-c13d1b0 elementor-widget__width-auto elementor-widget elementor-widget-heading\" data-id=\"c13d1b0\" data-element_type=\"widget\" data-e-type=\"widget\" data-widget_type=\"heading.default\">\n\t\t\t\t<div class=\"elementor-widget-container\">\n\t\t\t\t\t<div class=\"elementor-heading-title elementor-size-small\">91.5 FM<\/div>\t\t\t\t<\/div>\n\t\t\t\t<\/div>\n\t\t\t\t<div class=\"elementor-element elementor-element-82901a5 elementor-widget elementor-widget-heading\" data-id=\"82901a5\" data-element_type=\"widget\" data-e-type=\"widget\" data-widget_type=\"heading.default\">\n\t\t\t\t<div class=\"elementor-widget-container\">\n\t\t\t\t\t<h1 class=\"elementor-heading-title elementor-size-default\">Interior de Alicante<\/h1>\t\t\t\t<\/div>\n\t\t\t\t<\/div>\n\t\t\t\t\t<\/div>\n\t\t<\/div>\n\t\t\t\t<div class=\"elementor-column elementor-col-33 elementor-top-column elementor-element elementor-element-e2c844f elementor-hidden-mobile\" data-id=\"e2c844f\" data-element_type=\"column\" data-e-type=\"column\">\n\t\t\t<div class=\"elementor-widget-wrap elementor-element-populated\">\n\t\t\t\t\t\t<div class=\"elementor-element elementor-element-215bfc8 elementor-widget elementor-widget-proradio-elementor-button\" data-id=\"215bfc8\" data-element_type=\"widget\" data-e-type=\"widget\" data-widget_type=\"proradio-elementor-button.default\">\n\t\t\t\t<div class=\"elementor-widget-container\">\n\t\t\t\t\t\t\t\t\t<div class=\"qtmplayer-trackitem\">\n\t\t\t\t\t<a \t\t\tdata-qtmplayer-qtmpid=\"4342\"\n\t\t\t\t\t\tdata-qtmplayer-cover=\"https:\/\/www.lafresca.fm\/f-solosog\/2018\/10\/ri-interiordealicante.png\"\n\t\t\t\t\t\tdata-qtmplayer-img_id=\"6346\"\n\t\t\t\t\t\tdata-qtmplayer-title=\"Interior de Alicante\"\n\t\t\t\t\t\tdata-qtmplayer-artist=\"Emisi\u00f3n local \u00b7 91.5 FM\"\n\t\t\t\t\t\tdata-qtmplayer-buyurl=\"https:\/\/www.lafresca.fm\/emision\/alicante\/\"\n\t\t\t\t\t\tdata-qtmplayer-icon=\"radio\"\n\t\t\t\t\t\tdata-qtmplayer-link=\"https:\/\/www.lafresca.fm\/emision\/alicante\/\"\n\t\t\t\t\t\tdata-qtmplayer-file=\"https:\/\/stream.produccionesdale.com\/listen\/lafresca\/onil#.mp3\"\n\t\t\t\t\t\tdata-qtmplayer-file_mobile=\"https:\/\/stream.produccionesdale.com\/listen\/lafresca\/onil#.mp3\"\n\t\t\t\t\t\tdata-qtmplayer-type=\"radio\"\n\t\t\t class=\"qtmplayer-play qtmplayer-link-sec qtmplayer-play-btn qtmplayer-play-v2 proradio-btn proradio-btn__bold alignright  \"><i class=\"material-icons\" aria-label=\"Play\">play_arrow<\/i>ESCUCHAR EMISI\u00d3N LOCAL<\/a>\n\t\t\t\t<\/div>\n\n\t\t\t\t\t\t\t\t<\/div>\n\t\t\t\t<\/div>\n\t\t\t\t\t<\/div>\n\t\t<\/div>\n\t\t\t\t\t<\/div>\n\t\t<\/section>\n\t\t\t\t<section class=\"elementor-section elementor-top-section elementor-element elementor-element-4d6384f elementor-section-content-middle elementor-section-stretched elementor-hidden-desktop elementor-hidden-tablet elementor-section-boxed elementor-section-height-default elementor-section-height-default\" data-id=\"4d6384f\" data-element_type=\"section\" data-e-type=\"section\" data-settings=\"{&quot;stretch_section&quot;:&quot;section-stretched&quot;,&quot;background_background&quot;:&quot;classic&quot;,&quot;animation_mobile&quot;:&quot;slideInDown&quot;}\">\n\t\t\t\t\t\t<div class=\"elementor-container elementor-column-gap-default\">\n\t\t\t\t\t<div class=\"elementor-column elementor-col-100 elementor-top-column elementor-element elementor-element-f7b94db\" data-id=\"f7b94db\" data-element_type=\"column\" data-e-type=\"column\">\n\t\t\t<div class=\"elementor-widget-wrap elementor-element-populated\">\n\t\t\t\t\t\t<div class=\"elementor-element elementor-element-0c86a1d elementor-hidden-desktop elementor-hidden-tablet elementor-widget elementor-widget-proradio-elementor-button\" data-id=\"0c86a1d\" data-element_type=\"widget\" data-e-type=\"widget\" data-widget_type=\"proradio-elementor-button.default\">\n\t\t\t\t<div class=\"elementor-widget-container\">\n\t\t\t\t\t<div class=\"aligncenter\">\t\t\t\t<div class=\"qtmplayer-trackitem\">\n\t\t\t\t\t<a \t\t\tdata-qtmplayer-qtmpid=\"4342\"\n\t\t\t\t\t\tdata-qtmplayer-cover=\"https:\/\/www.lafresca.fm\/f-solosog\/2018\/10\/ri-interiordealicante.png\"\n\t\t\t\t\t\tdata-qtmplayer-img_id=\"6346\"\n\t\t\t\t\t\tdata-qtmplayer-title=\"Interior de Alicante\"\n\t\t\t\t\t\tdata-qtmplayer-artist=\"Emisi\u00f3n local \u00b7 91.5 FM\"\n\t\t\t\t\t\tdata-qtmplayer-buyurl=\"https:\/\/www.lafresca.fm\/emision\/alicante\/\"\n\t\t\t\t\t\tdata-qtmplayer-icon=\"radio\"\n\t\t\t\t\t\tdata-qtmplayer-link=\"https:\/\/www.lafresca.fm\/emision\/alicante\/\"\n\t\t\t\t\t\tdata-qtmplayer-file=\"https:\/\/stream.produccionesdale.com\/listen\/lafresca\/onil#.mp3\"\n\t\t\t\t\t\tdata-qtmplayer-file_mobile=\"https:\/\/stream.produccionesdale.com\/listen\/lafresca\/onil#.mp3\"\n\t\t\t\t\t\tdata-qtmplayer-type=\"radio\"\n\t\t\t class=\"qtmplayer-play qtmplayer-link-sec qtmplayer-play-btn qtmplayer-play-v2 proradio-btn proradio-btn__bold aligncenter  \"><i class=\"material-icons\" aria-label=\"Play\">play_arrow<\/i>ESCUCHAR EMISI\u00d3N LOCAL<\/a>\n\t\t\t\t<\/div>\n\n\t\t\t\t<\/div>\t\t\t\t<\/div>\n\t\t\t\t<\/div>\n\t\t\t\t\t<\/div>\n\t\t<\/div>\n\t\t\t\t\t<\/div>\n\t\t<\/section>\n\t\t\t\t<section class=\"elementor-section elementor-top-section elementor-element elementor-element-1c563fe0 elementor-section-boxed elementor-section-height-default elementor-section-height-default\" data-id=\"1c563fe0\" data-element_type=\"section\" data-e-type=\"section\">\n\t\t\t\t\t\t<div class=\"elementor-container elementor-column-gap-default\">\n\t\t\t\t\t<div class=\"elementor-column elementor-col-100 elementor-top-column elementor-element elementor-element-11b550b\" data-id=\"11b550b\" data-element_type=\"column\" data-e-type=\"column\">\n\t\t\t<div class=\"elementor-widget-wrap elementor-element-populated\">\n\t\t\t\t\t\t<div class=\"elementor-element elementor-element-067441f elementor-widget elementor-widget-proradio-elementor-post-list\" data-id=\"067441f\" data-element_type=\"widget\" data-e-type=\"widget\" data-widget_type=\"proradio-elementor-post-list.default\">\n\t\t\t\t<div class=\"elementor-widget-container\">\n\t\t\t\t\t\t\t\t<div id=\"qttmelementor-grid-139fec65aa8270c2d186fafcfb09b72d\" class=\"proradio-sc-archive-posthero\">\n\n\t\t\t\t\t\t\t\t<div id=\"qttmelementor-list-139fec65aa8270c2d186fafcfb09b72d\" class=\"\">\n\t\t\t\t\t\t\t\t\t\t\t\t<article id=\"post-hero-19317\" class=\"proradio-post proradio-post__hero  post-19317 post type-post status-publish format-standard has-post-thumbnail hentry category-alicante tag-ibi tag-lara-ayala tag-som-ibi\" data-qtwaypoints>\n\t<div class=\"proradio-bgimg proradio-duotone\">\n\t\t\t<img fetchpriority=\"high\" decoding=\"async\" width=\"1170\" height=\"878\" src=\"https:\/\/www.lafresca.fm\/f-solosog\/2025\/07\/lara-ayala-30725-1170x878.jpeg\" class=\"proradio-post__thumb wp-post-image\" alt=\"\" srcset=\"https:\/\/www.lafresca.fm\/f-solosog\/2025\/07\/lara-ayala-30725-1170x878.jpeg 1170w, https:\/\/www.lafresca.fm\/f-solosog\/2025\/07\/lara-ayala-30725-770x578.jpeg 770w, https:\/\/www.lafresca.fm\/f-solosog\/2025\/07\/lara-ayala-30725-768x576.jpeg 768w, https:\/\/www.lafresca.fm\/f-solosog\/2025\/07\/lara-ayala-30725-1536x1152.jpeg 1536w, https:\/\/www.lafresca.fm\/f-solosog\/2025\/07\/lara-ayala-30725.jpeg 2000w\" sizes=\"(max-width: 1170px) 100vw, 1170px\" \/>\t\t<\/div>\n\t<div class=\"proradio-post__header proradio-darkbg proradio-negative\">\n\t\t\n\t\t<div class=\"proradio-post__headercont proradio-container\">\n\t\t\t<div class=\"proradio-actions__cont\">\n\t<div class=\"proradio-actions\">\n\t\t\t\n\t\t\t\t<a href=\"https:\/\/www.lafresca.fm\/lara-ayala-sera-la-candidata-a-la-alcaldia-de-ibi-por-som-ibi-en-las-elecciones-de-2027\/\" class=\"proradio-actionicon\"><i class=\"material-icons\">insert_link<\/i><\/a>\n\t\t\t\n\n\t\t\t\t<span class=\"proradio-actions__a1\">\t\t<a data-ttgreaktions-shareboxfull=\"{&quot;id&quot;:&quot;19317&quot;,&quot;shared&quot;:&quot;https:\\\/\\\/www.lafresca.fm\\\/lara-ayala-sera-la-candidata-a-la-alcaldia-de-ibi-por-som-ibi-en-las-elecciones-de-2027\\\/&quot;,&quot;title&quot;:&quot;Lara Ayala ser\\u00e1 la candidata a la Alcald\\u00eda de Ibi por Som Ibi en las elecciones de 2027&quot;,&quot;finalUrl&quot;:&quot;https:\\\/\\\/www.lafresca.fm\\\/lara-ayala-sera-la-candidata-a-la-alcaldia-de-ibi-por-som-ibi-en-las-elecciones-de-2027\\\/?id=19317&amp;reaktions-share-fullpage=19317&amp;noajax=1&amp;label=Compartir&amp;btnclass=proradio-btn  proradio-btn__r&amp;secure=80c7dcf11d&quot;}\" href=\"#nojax\" class=\"proradio_reaktions-link \">\n\t\t\t<span class=\"qtli\"><i class=\"reakticons-share\"><\/i><\/span><span class=\"count\">4<\/span>\n\t\t<\/a>\n\t\t<\/span>\n\t\t\n\n\t\t\t\t<span class=\"proradio-actions__a2\">\t\t<a data-ttgreaktions-lovelink class=\"proradio_reaktions-link \" data-post_id=\"19317\" href=\"#\">\n\t        <span class=\"qtli\"><i class=\"reakticons-heart\"><\/i><\/span><span class=\"qtli count\">8<\/span>\n\t    <\/a>\n\t\t<\/span>\n\t\t\t<\/div>\n<\/div>\n\n\n\t\t\t<a class=\"proradio-post__header__link\" href=\"https:\/\/www.lafresca.fm\/lara-ayala-sera-la-candidata-a-la-alcaldia-de-ibi-por-som-ibi-en-las-elecciones-de-2027\/\"><\/a>\n\t\t\t<div class=\"proradio-post__hero__caption\">\n\t\t\t\t<p class=\"proradio-cats\">\n\t<a href=\"https:\/\/www.lafresca.fm\/category\/alicante\/\" class=\"proradio-catid-4\">Interior de Alicante<\/a><\/p>\t\t\t\t<h3 class=\"proradio-post__title proradio-h1 proradio-cutme-t-3\"><a href=\"https:\/\/www.lafresca.fm\/lara-ayala-sera-la-candidata-a-la-alcaldia-de-ibi-por-som-ibi-en-las-elecciones-de-2027\/\">Lara Ayala ser\u00e1 la candidata a la Alcald\u00eda de Ibi por Som Ibi en las elecciones de 2027<\/a><\/h3>\n\t\t\t\t\t\t\t\t<p class=\"proradio-meta proradio-small\">\n\t\t\t\t\t<span class=\"proradio-date\"><i class=\"material-icons\">today<\/i>septiembre 4, 2026<\/span>\t\t\t\t\t<span>\t\t<a data-ttgreaktions-lovelink class=\"proradio_reaktions-link \" data-post_id=\"19317\" href=\"#\">\n\t        <span class=\"qtli\"><i class=\"reakticons-heart\"><\/i><\/span><span class=\"qtli count\">8<\/span>\n\t    <\/a>\n\t\t<\/span><span>\t\t<a data-ttgreaktions-shareboxfull=\"{&quot;id&quot;:&quot;19317&quot;,&quot;shared&quot;:&quot;https:\\\/\\\/www.lafresca.fm\\\/lara-ayala-sera-la-candidata-a-la-alcaldia-de-ibi-por-som-ibi-en-las-elecciones-de-2027\\\/&quot;,&quot;title&quot;:&quot;Lara Ayala ser\\u00e1 la candidata a la Alcald\\u00eda de Ibi por Som Ibi en las elecciones de 2027&quot;,&quot;finalUrl&quot;:&quot;https:\\\/\\\/www.lafresca.fm\\\/lara-ayala-sera-la-candidata-a-la-alcaldia-de-ibi-por-som-ibi-en-las-elecciones-de-2027\\\/?id=19317&amp;reaktions-share-fullpage=19317&amp;noajax=1&amp;label=Compartir&amp;btnclass=proradio-btn proradio-btn__r&amp;secure=80c7dcf11d&quot;}\" href=\"#nojax\" class=\"proradio_reaktions-link \">\n\t\t\t<span class=\"qtli\"><i class=\"reakticons-share\"><\/i><\/span><span class=\"count\">4<\/span>\n\t\t<\/a>\n\t\t<\/span>\t\t\t\t<\/p>\n\t\t\t<\/div>\n\t\t<\/div>\n\t<\/div>\n<\/article>\t\t\t\t\t\t\t\t\t\t<\/div>\n\t\t\t<\/div>\n\t\t\t\t\t\t\t<\/div>\n\t\t\t\t<\/div>\n\t\t\t\t\t<\/div>\n\t\t<\/div>\n\t\t\t\t\t<\/div>\n\t\t<\/section>\n\t\t\t\t<section class=\"elementor-section elementor-top-section elementor-element elementor-element-3d0199af elementor-section-boxed elementor-section-height-default elementor-section-height-default\" data-id=\"3d0199af\" data-element_type=\"section\" data-e-type=\"section\">\n\t\t\t\t\t\t<div class=\"elementor-container elementor-column-gap-default\">\n\t\t\t\t\t<div class=\"elementor-column elementor-col-66 elementor-top-column elementor-element elementor-element-51e63518\" data-id=\"51e63518\" data-element_type=\"column\" data-e-type=\"column\">\n\t\t\t<div class=\"elementor-widget-wrap elementor-element-populated\">\n\t\t\t\t\t\t<div class=\"elementor-element elementor-element-13d670f2 elementor-widget elementor-widget-proradio-elementor-qt-caption\" data-id=\"13d670f2\" data-element_type=\"widget\" data-e-type=\"widget\" data-widget_type=\"proradio-elementor-qt-caption.default\">\n\t\t\t\t<div class=\"elementor-widget-container\">\n\t\t\t\t\t\t\t<div>\n\t\t\t<h3  class=\"proradio-element-caption proradio-caption  proradio-caption__s  \" data-qtwaypoints-offset=\"30\" data-qtwaypoints>\t\t\t\t<span>+ Noticias<\/span>\n\t\t\t\t<\/h3>\t\t<\/div>\n\t\t\t\t\t\t<\/div>\n\t\t\t\t<\/div>\n\t\t\t\t<div class=\"elementor-element elementor-element-4445216 elementor-widget elementor-widget-proradio-elementor-post-list-horizontal\" data-id=\"4445216\" data-element_type=\"widget\" data-e-type=\"widget\" data-widget_type=\"proradio-elementor-post-list-horizontal.default\">\n\t\t\t\t<div class=\"elementor-widget-container\">\n\t\t\t\t\t\t\t\t<div id=\"qttmelementor-grid-7b0e2e26\" class=\"proradio-container proradio-post-list-horizontal-container\">\n\t\t\t\t\t\t\t\t<div id=\"qttmelementor-list-7b0e2e26\" class=\"proradio-container proradio-post-list-horizontal\">\n\n\t\t\t\t\t<article class=\"proradio-post proradio-paper proradio-post__hor proradio-has-thumb post-19314 post type-post status-publish format-standard has-post-thumbnail hentry category-alicante tag-ibi\" data-qtwaypoints>\n\t\t\t<div class=\"proradio-post__header proradio-primary-light proradio-negative\">\n\t\t\t<div class=\"proradio-bgimg proradio-duotone\">\n\t\t\t\t<img decoding=\"async\" width=\"370\" height=\"370\" src=\"https:\/\/www.lafresca.fm\/f-solosog\/2026\/08\/Teatro-Rio-770x728-1-370x370.jpg\" class=\"proradio-post__thumb proradio-post__thumb--h wp-post-image\" alt=\"\" srcset=\"https:\/\/www.lafresca.fm\/f-solosog\/2026\/08\/Teatro-Rio-770x728-1-370x370.jpg 370w, https:\/\/www.lafresca.fm\/f-solosog\/2026\/08\/Teatro-Rio-770x728-1-150x150.jpg 150w, https:\/\/www.lafresca.fm\/f-solosog\/2026\/08\/Teatro-Rio-770x728-1-100x100.jpg 100w\" sizes=\"(max-width: 370px) 100vw, 370px\" \/>\n\t\t\t<\/div>\n\n\t\t\t<a class=\"proradio-post__header__link\" href=\"https:\/\/www.lafresca.fm\/los-trabajadores-del-museo-del-juguete-de-ibi-y-teatro-rio-desconvocan-la-huelga-tras-alcanzar-un-acuerdo-con-la-fundacion\/\"><\/a>\n\t\t\t<div class=\"proradio-actions__cont\">\n\t<div class=\"proradio-actions\">\n\t\t\t\n\t\t\t\t<a href=\"https:\/\/www.lafresca.fm\/los-trabajadores-del-museo-del-juguete-de-ibi-y-teatro-rio-desconvocan-la-huelga-tras-alcanzar-un-acuerdo-con-la-fundacion\/\" class=\"proradio-actionicon\"><i class=\"material-icons\">insert_link<\/i><\/a>\n\t\t\t\n\n\t\t\t\t<span class=\"proradio-actions__a1\">\t\t<a data-ttgreaktions-shareboxfull=\"{&quot;id&quot;:&quot;19314&quot;,&quot;shared&quot;:&quot;https:\\\/\\\/www.lafresca.fm\\\/los-trabajadores-del-museo-del-juguete-de-ibi-y-teatro-rio-desconvocan-la-huelga-tras-alcanzar-un-acuerdo-con-la-fundacion\\\/&quot;,&quot;title&quot;:&quot;Los trabajadores del Museo del Juguete de Ibi y Teatro R\\u00edo desconvocan la huelga tras alcanzar un acuerdo con la Fundaci\\u00f3n&quot;,&quot;finalUrl&quot;:&quot;https:\\\/\\\/www.lafresca.fm\\\/los-trabajadores-del-museo-del-juguete-de-ibi-y-teatro-rio-desconvocan-la-huelga-tras-alcanzar-un-acuerdo-con-la-fundacion\\\/?id=19314&amp;reaktions-share-fullpage=19314&amp;noajax=1&amp;label=Compartir&amp;btnclass=proradio-btn  proradio-btn__r&amp;secure=80c7dcf11d&quot;}\" href=\"#nojax\" class=\"proradio_reaktions-link \">\n\t\t\t<span class=\"qtli\"><i class=\"reakticons-share\"><\/i><\/span><span class=\"count\"><\/span>\n\t\t<\/a>\n\t\t<\/span>\n\t\t\n\n\t\t\t\t<span class=\"proradio-actions__a2\">\t\t<a data-ttgreaktions-lovelink class=\"proradio_reaktions-link \" data-post_id=\"19314\" href=\"#\">\n\t        <span class=\"qtli\"><i class=\"reakticons-heart\"><\/i><\/span><span class=\"qtli count\"><\/span>\n\t    <\/a>\n\t\t<\/span>\n\t\t\t<\/div>\n<\/div>\n\n\n\t\t\t\t\n\t\t<\/div>\n\t\t<div class=\"proradio-post__content\">\n\t\t\t<p class=\"proradio-cats\">\n\t<a href=\"https:\/\/www.lafresca.fm\/category\/alicante\/\" class=\"proradio-catid-4\">Interior de Alicante<\/a><\/p>\t\t\t<h3 class=\"proradio-post__title proradio-cutme-t-4\"><a href=\"https:\/\/www.lafresca.fm\/los-trabajadores-del-museo-del-juguete-de-ibi-y-teatro-rio-desconvocan-la-huelga-tras-alcanzar-un-acuerdo-con-la-fundacion\/\">Los trabajadores del Museo del Juguete de Ibi y Teatro R\u00edo desconvocan la huelga tras alcanzar un acuerdo con la Fundaci\u00f3n<\/a><\/h3>\n\t\t\t<div class=\"proradio-excerpt\">\n\t\t\t\t<p>\n\t\t\t\t- La plantilla concede un nuevo margen hasta el 4 de noviembre para que se cumplan los compromisos sobre funciones, categor\u00edas laborales y seguridad de las instalaciones. Los trabajadores de la Fundaci\u00f3n Museo Valenciano del Juguete de Ibi han decidido desconvocar la huelga indefinida prevista a partir de este viernes, 4 de septiembre, despu\u00e9s de alcanzar un nuevo acuerdo con la Fundaci\u00f3n y ratificarlo este jueves ante el Tribunal de [&hellip;]\t\t\t\t<\/p>\n\t\t\t<\/div>\n\t\t\t<p class=\"proradio-meta proradio-small\">\n\t\t\t\t<span class=\"proradio-date\"><i class=\"material-icons\">today<\/i>septiembre 4, 2026<\/span>\t\t\t\t<span>\t\t<a data-ttgreaktions-lovelink class=\"proradio_reaktions-link \" data-post_id=\"19314\" href=\"#\">\n\t        <span class=\"qtli\"><i class=\"reakticons-heart\"><\/i><\/span><span class=\"qtli count\"><\/span>\n\t    <\/a>\n\t\t<\/span><span>\t\t<a data-ttgreaktions-shareboxfull=\"{&quot;id&quot;:&quot;19314&quot;,&quot;shared&quot;:&quot;https:\\\/\\\/www.lafresca.fm\\\/los-trabajadores-del-museo-del-juguete-de-ibi-y-teatro-rio-desconvocan-la-huelga-tras-alcanzar-un-acuerdo-con-la-fundacion\\\/&quot;,&quot;title&quot;:&quot;Los trabajadores del Museo del Juguete de Ibi y Teatro R\\u00edo desconvocan la huelga tras alcanzar un acuerdo con la Fundaci\\u00f3n&quot;,&quot;finalUrl&quot;:&quot;https:\\\/\\\/www.lafresca.fm\\\/los-trabajadores-del-museo-del-juguete-de-ibi-y-teatro-rio-desconvocan-la-huelga-tras-alcanzar-un-acuerdo-con-la-fundacion\\\/?id=19314&amp;reaktions-share-fullpage=19314&amp;noajax=1&amp;label=Compartir&amp;btnclass=proradio-btn proradio-btn__r&amp;secure=80c7dcf11d&quot;}\" href=\"#nojax\" class=\"proradio_reaktions-link \">\n\t\t\t<span class=\"qtli\"><i class=\"reakticons-share\"><\/i><\/span><span class=\"count\"><\/span>\n\t\t<\/a>\n\t\t<\/span>\t\t\t<\/p>\n\t\t<\/div>\n\t<\/article>\n<article class=\"proradio-post proradio-paper proradio-post__hor proradio-has-thumb post-19306 post type-post status-publish format-standard has-post-thumbnail hentry category-alicante tag-bomberos-ibi tag-ibi\" data-qtwaypoints>\n\t\t\t<div class=\"proradio-post__header proradio-primary-light proradio-negative\">\n\t\t\t<div class=\"proradio-bgimg proradio-duotone\">\n\t\t\t\t<img decoding=\"async\" width=\"370\" height=\"370\" src=\"https:\/\/www.lafresca.fm\/f-solosog\/2026\/09\/090326-Parque-bomberos-Ibi-04-370x370.jpg\" class=\"proradio-post__thumb proradio-post__thumb--h wp-post-image\" alt=\"\" srcset=\"https:\/\/www.lafresca.fm\/f-solosog\/2026\/09\/090326-Parque-bomberos-Ibi-04-370x370.jpg 370w, https:\/\/www.lafresca.fm\/f-solosog\/2026\/09\/090326-Parque-bomberos-Ibi-04-150x150.jpg 150w, https:\/\/www.lafresca.fm\/f-solosog\/2026\/09\/090326-Parque-bomberos-Ibi-04-100x100.jpg 100w\" sizes=\"(max-width: 370px) 100vw, 370px\" \/>\n\t\t\t<\/div>\n\n\t\t\t<a class=\"proradio-post__header__link\" href=\"https:\/\/www.lafresca.fm\/el-presidente-de-la-diputacion-de-alicante-inaugura-el-nuevo-parque-auxiliar-de-bomberos-en-ibi\/\"><\/a>\n\t\t\t<div class=\"proradio-actions__cont\">\n\t<div class=\"proradio-actions\">\n\t\t\t\n\t\t\t\t<a href=\"https:\/\/www.lafresca.fm\/el-presidente-de-la-diputacion-de-alicante-inaugura-el-nuevo-parque-auxiliar-de-bomberos-en-ibi\/\" class=\"proradio-actionicon\"><i class=\"material-icons\">insert_link<\/i><\/a>\n\t\t\t\n\n\t\t\t\t<span class=\"proradio-actions__a1\">\t\t<a data-ttgreaktions-shareboxfull=\"{&quot;id&quot;:&quot;19306&quot;,&quot;shared&quot;:&quot;https:\\\/\\\/www.lafresca.fm\\\/el-presidente-de-la-diputacion-de-alicante-inaugura-el-nuevo-parque-auxiliar-de-bomberos-en-ibi\\\/&quot;,&quot;title&quot;:&quot;El presidente de la Diputaci\\u00f3n de Alicante inaugura el nuevo parque auxiliar de bomberos en Ibi&quot;,&quot;finalUrl&quot;:&quot;https:\\\/\\\/www.lafresca.fm\\\/el-presidente-de-la-diputacion-de-alicante-inaugura-el-nuevo-parque-auxiliar-de-bomberos-en-ibi\\\/?id=19306&amp;reaktions-share-fullpage=19306&amp;noajax=1&amp;label=Compartir&amp;btnclass=proradio-btn  proradio-btn__r&amp;secure=80c7dcf11d&quot;}\" href=\"#nojax\" class=\"proradio_reaktions-link \">\n\t\t\t<span class=\"qtli\"><i class=\"reakticons-share\"><\/i><\/span><span class=\"count\"><\/span>\n\t\t<\/a>\n\t\t<\/span>\n\t\t\n\n\t\t\t\t<span class=\"proradio-actions__a2\">\t\t<a data-ttgreaktions-lovelink class=\"proradio_reaktions-link \" data-post_id=\"19306\" href=\"#\">\n\t        <span class=\"qtli\"><i class=\"reakticons-heart\"><\/i><\/span><span class=\"qtli count\"><\/span>\n\t    <\/a>\n\t\t<\/span>\n\t\t\t<\/div>\n<\/div>\n\n\n\t\t\t\t\n\t\t<\/div>\n\t\t<div class=\"proradio-post__content\">\n\t\t\t<p class=\"proradio-cats\">\n\t<a href=\"https:\/\/www.lafresca.fm\/category\/alicante\/\" class=\"proradio-catid-4\">Interior de Alicante<\/a><\/p>\t\t\t<h3 class=\"proradio-post__title proradio-cutme-t-4\"><a href=\"https:\/\/www.lafresca.fm\/el-presidente-de-la-diputacion-de-alicante-inaugura-el-nuevo-parque-auxiliar-de-bomberos-en-ibi\/\">El presidente de la Diputaci\u00f3n de Alicante inaugura el nuevo parque auxiliar de bomberos en Ibi<\/a><\/h3>\n\t\t\t<div class=\"proradio-excerpt\">\n\t\t\t\t<p>\n\t\t\t\tEl presidente de la Diputaci\u00f3n de Alicante, Toni P\u00e9rez, ha inaugurado el nuevo parque auxiliar de bomberos de Ibi, una infraestructura que ha requerido una inversi\u00f3n de 2.311.000 euros y que mejorar\u00e1 la operatividad del servicio, as\u00ed como los tiempos de respuesta ante las emergencias. Acompa\u00f1ado por el alcalde del municipio, Sergio Carrasco, y el diputado de Emergencias, Luis Rodr\u00edguez, el presidente ha recorrido las nuevas instalaciones, que ocupan una [&hellip;]\t\t\t\t<\/p>\n\t\t\t<\/div>\n\t\t\t<p class=\"proradio-meta proradio-small\">\n\t\t\t\t<span class=\"proradio-date\"><i class=\"material-icons\">today<\/i>septiembre 3, 2026<\/span>\t\t\t\t<span>\t\t<a data-ttgreaktions-lovelink class=\"proradio_reaktions-link \" data-post_id=\"19306\" href=\"#\">\n\t        <span class=\"qtli\"><i class=\"reakticons-heart\"><\/i><\/span><span class=\"qtli count\"><\/span>\n\t    <\/a>\n\t\t<\/span><span>\t\t<a data-ttgreaktions-shareboxfull=\"{&quot;id&quot;:&quot;19306&quot;,&quot;shared&quot;:&quot;https:\\\/\\\/www.lafresca.fm\\\/el-presidente-de-la-diputacion-de-alicante-inaugura-el-nuevo-parque-auxiliar-de-bomberos-en-ibi\\\/&quot;,&quot;title&quot;:&quot;El presidente de la Diputaci\\u00f3n de Alicante inaugura el nuevo parque auxiliar de bomberos en Ibi&quot;,&quot;finalUrl&quot;:&quot;https:\\\/\\\/www.lafresca.fm\\\/el-presidente-de-la-diputacion-de-alicante-inaugura-el-nuevo-parque-auxiliar-de-bomberos-en-ibi\\\/?id=19306&amp;reaktions-share-fullpage=19306&amp;noajax=1&amp;label=Compartir&amp;btnclass=proradio-btn proradio-btn__r&amp;secure=80c7dcf11d&quot;}\" href=\"#nojax\" class=\"proradio_reaktions-link \">\n\t\t\t<span class=\"qtli\"><i class=\"reakticons-share\"><\/i><\/span><span class=\"count\"><\/span>\n\t\t<\/a>\n\t\t<\/span>\t\t\t<\/p>\n\t\t<\/div>\n\t<\/article>\n\t\t\t\t\t\n\t\t\t\t<\/div>\n\t\t\t<\/div>\n\t\t\t\t\t\t\t<\/div>\n\t\t\t\t<\/div>\n\t\t\t\t<div class=\"elementor-element elementor-element-7b14db7 elementor-widget elementor-widget-proradio-elementor-post-inline\" data-id=\"7b14db7\" data-element_type=\"widget\" data-e-type=\"widget\" data-widget_type=\"proradio-elementor-post-inline.default\">\n\t\t\t\t<div class=\"elementor-widget-container\">\n\t\t\t\t\t\t\t\t<div id=\"qttmelementor-grid-d0a5fd8b\" class=\"proradio-post-inline-container\">\n\n\t\t\t\t\t\t\t\t<div id=\"qttmelementor-list-d0a5fd8b\" class=\"proradio-post-inline-horizontal\">\n\n\t\t\t\t\t<article class=\"proradio-post proradio-post__inline proradio-paper post-19302 post type-post status-publish format-standard has-post-thumbnail hentry category-alicante\" data-qtwaypoints>\n\t\t\t<a class=\"proradio-thumb proradio-duotone\" href=\"https:\/\/www.lafresca.fm\/onil-ultima-el-dispositivo-de-seguridad-para-la-subida-internacional-2026\/\">\n\t\t\t<img loading=\"lazy\" decoding=\"async\" width=\"100\" height=\"100\" src=\"https:\/\/www.lafresca.fm\/f-solosog\/2026\/09\/WhatsApp-Image-2026-09-03-at-15.11.46-100x100.jpeg\" class=\"proradio-post__thumb wp-post-image\" alt=\"Onil ultima el dispositivo de seguridad para la Subida Internacional 2026\" srcset=\"https:\/\/www.lafresca.fm\/f-solosog\/2026\/09\/WhatsApp-Image-2026-09-03-at-15.11.46-100x100.jpeg 100w, https:\/\/www.lafresca.fm\/f-solosog\/2026\/09\/WhatsApp-Image-2026-09-03-at-15.11.46-150x150.jpeg 150w, https:\/\/www.lafresca.fm\/f-solosog\/2026\/09\/WhatsApp-Image-2026-09-03-at-15.11.46-370x370.jpeg 370w\" sizes=\"(max-width: 100px) 100vw, 100px\" \/>\t\t<\/a>\n\t\t\t<h6 class=\"proradio-post__title proradio-h5 proradio-cutme-t-3\"><a href=\"https:\/\/www.lafresca.fm\/onil-ultima-el-dispositivo-de-seguridad-para-la-subida-internacional-2026\/\">Onil ultima el dispositivo de seguridad para la Subida Internacional 2026<\/a><\/h6>\n<\/article><article class=\"proradio-post proradio-post__inline proradio-paper post-19292 post type-post status-publish format-standard has-post-thumbnail hentry category-alicante tag-dominos-pizza tag-ibi\" data-qtwaypoints>\n\t\t\t<a class=\"proradio-thumb proradio-duotone\" href=\"https:\/\/www.lafresca.fm\/dominos-pizza-desembarca-en-ibi-y-suma-ya-23-establecimientos-en-la-provincia-de-alicante\/\">\n\t\t\t<img loading=\"lazy\" decoding=\"async\" width=\"100\" height=\"100\" src=\"https:\/\/www.lafresca.fm\/f-solosog\/2026\/09\/DP-IBI-3-100x100.jpeg\" class=\"proradio-post__thumb wp-post-image\" alt=\"Domino\u2019s Pizza desembarca en Ibi y suma ya 23 establecimientos en la provincia de Alicante\" srcset=\"https:\/\/www.lafresca.fm\/f-solosog\/2026\/09\/DP-IBI-3-100x100.jpeg 100w, https:\/\/www.lafresca.fm\/f-solosog\/2026\/09\/DP-IBI-3-150x150.jpeg 150w, https:\/\/www.lafresca.fm\/f-solosog\/2026\/09\/DP-IBI-3-370x370.jpeg 370w\" sizes=\"(max-width: 100px) 100vw, 100px\" \/>\t\t<\/a>\n\t\t\t<h6 class=\"proradio-post__title proradio-h5 proradio-cutme-t-3\"><a href=\"https:\/\/www.lafresca.fm\/dominos-pizza-desembarca-en-ibi-y-suma-ya-23-establecimientos-en-la-provincia-de-alicante\/\">Domino\u2019s Pizza desembarca en Ibi y suma ya 23 establecimientos en la provincia de Alicante<\/a><\/h6>\n<\/article><article class=\"proradio-post proradio-post__inline proradio-paper post-19281 post type-post status-publish format-standard has-post-thumbnail hentry category-alicante\" data-qtwaypoints>\n\t\t\t<a class=\"proradio-thumb proradio-duotone\" href=\"https:\/\/www.lafresca.fm\/actiu-renueva-su-compromiso-con-el-elche-cf-femenino-y-consolida-su-apuesta-por-el-deporte-como-motor-de-igualdad\/\">\n\t\t\t<img loading=\"lazy\" decoding=\"async\" width=\"100\" height=\"100\" src=\"https:\/\/www.lafresca.fm\/f-solosog\/2026\/09\/ACTIU-ELCHE-FEMENINO-CF-1-2-100x100.jpg\" class=\"proradio-post__thumb wp-post-image\" alt=\"ACTIU renueva su compromiso con el Elche CF Femenino y consolida su apuesta por el deporte como motor de igualdad\" srcset=\"https:\/\/www.lafresca.fm\/f-solosog\/2026\/09\/ACTIU-ELCHE-FEMENINO-CF-1-2-100x100.jpg 100w, https:\/\/www.lafresca.fm\/f-solosog\/2026\/09\/ACTIU-ELCHE-FEMENINO-CF-1-2-150x150.jpg 150w, https:\/\/www.lafresca.fm\/f-solosog\/2026\/09\/ACTIU-ELCHE-FEMENINO-CF-1-2-370x370.jpg 370w\" sizes=\"(max-width: 100px) 100vw, 100px\" \/>\t\t<\/a>\n\t\t\t<h6 class=\"proradio-post__title proradio-h5 proradio-cutme-t-3\"><a href=\"https:\/\/www.lafresca.fm\/actiu-renueva-su-compromiso-con-el-elche-cf-femenino-y-consolida-su-apuesta-por-el-deporte-como-motor-de-igualdad\/\">ACTIU renueva su compromiso con el Elche CF Femenino y consolida su apuesta por el deporte como motor de igualdad<\/a><\/h6>\n<\/article><article class=\"proradio-post proradio-post__inline proradio-paper post-19274 post type-post status-publish format-standard has-post-thumbnail hentry category-alicante tag-castalla tag-myc-castalla-2026\" data-qtwaypoints>\n\t\t\t<a class=\"proradio-thumb proradio-duotone\" href=\"https:\/\/www.lafresca.fm\/programacion-de-las-fiestas-de-moros-y-cristianos-de-castalla-2026-todos-los-actos-y-horarios\/\">\n\t\t\t<img loading=\"lazy\" decoding=\"async\" width=\"100\" height=\"100\" src=\"https:\/\/www.lafresca.fm\/f-solosog\/2026\/08\/WhatsApp-Image-2026-08-31-at-17.48.09-100x100.jpeg\" class=\"proradio-post__thumb wp-post-image\" alt=\"Programaci\u00f3n de las Fiestas de Moros y Cristianos de Castalla 2026: todos los actos y horarios\" srcset=\"https:\/\/www.lafresca.fm\/f-solosog\/2026\/08\/WhatsApp-Image-2026-08-31-at-17.48.09-100x100.jpeg 100w, https:\/\/www.lafresca.fm\/f-solosog\/2026\/08\/WhatsApp-Image-2026-08-31-at-17.48.09-150x150.jpeg 150w, https:\/\/www.lafresca.fm\/f-solosog\/2026\/08\/WhatsApp-Image-2026-08-31-at-17.48.09-370x370.jpeg 370w\" sizes=\"(max-width: 100px) 100vw, 100px\" \/>\t\t<\/a>\n\t\t\t<h6 class=\"proradio-post__title proradio-h5 proradio-cutme-t-3\"><a href=\"https:\/\/www.lafresca.fm\/programacion-de-las-fiestas-de-moros-y-cristianos-de-castalla-2026-todos-los-actos-y-horarios\/\">Programaci\u00f3n de las Fiestas de Moros y Cristianos de Castalla 2026: todos los actos y horarios<\/a><\/h6>\n<\/article><article class=\"proradio-post proradio-post__inline proradio-paper post-19271 post type-post status-publish format-standard has-post-thumbnail hentry category-alicante\" data-qtwaypoints>\n\t\t\t<a class=\"proradio-thumb proradio-duotone\" href=\"https:\/\/www.lafresca.fm\/castalla-se-suma-a-la-reconquista-del-vidrio-para-fomentar-el-reciclaje-durante-las-fiestas-de-moros-y-cristianos\/\">\n\t\t\t<img loading=\"lazy\" decoding=\"async\" width=\"100\" height=\"100\" src=\"https:\/\/www.lafresca.fm\/f-solosog\/2026\/08\/Captura-100x100.png\" class=\"proradio-post__thumb wp-post-image\" alt=\"Castalla se suma a \u2018La Reconquista del Vidrio\u2019 para fomentar el reciclaje durante las fiestas de Moros y Cristianos\" srcset=\"https:\/\/www.lafresca.fm\/f-solosog\/2026\/08\/Captura-100x100.png 100w, https:\/\/www.lafresca.fm\/f-solosog\/2026\/08\/Captura-150x150.png 150w, https:\/\/www.lafresca.fm\/f-solosog\/2026\/08\/Captura-370x370.png 370w\" sizes=\"(max-width: 100px) 100vw, 100px\" \/>\t\t<\/a>\n\t\t\t<h6 class=\"proradio-post__title proradio-h5 proradio-cutme-t-3\"><a href=\"https:\/\/www.lafresca.fm\/castalla-se-suma-a-la-reconquista-del-vidrio-para-fomentar-el-reciclaje-durante-las-fiestas-de-moros-y-cristianos\/\">Castalla se suma a \u2018La Reconquista del Vidrio\u2019 para fomentar el reciclaje durante las fiestas de Moros y Cristianos<\/a><\/h6>\n<\/article>\t\t\t\t\t\n\t\t\t\t<\/div>\n\t\t\t<\/div>\n\t\t\t\t\t\t\t<\/div>\n\t\t\t\t<\/div>\n\t\t\t\t<div class=\"elementor-element elementor-element-1a00c28 elementor-widget elementor-widget-proradio-elementor-button\" data-id=\"1a00c28\" data-element_type=\"widget\" data-e-type=\"widget\" data-widget_type=\"proradio-elementor-button.default\">\n\t\t\t\t<div class=\"elementor-widget-container\">\n\t\t\t\t\t <p class=\"aligncenter\"><a href=\"\/category\/alicante\/\"   \t\t\t\t\t\t\t\tclass=\"proradio-btn  aligncenter  \">\t\t\t\t\t<i class=\" \"><\/i>\n\t\t\t\t\t<span>Ver m\u00e1s noticias<\/span><\/a><\/p>\t\t\t\t<\/div>\n\t\t\t\t<\/div>\n\t\t\t\t\t<\/div>\n\t\t<\/div>\n\t\t\t\t<div class=\"elementor-column elementor-col-33 elementor-top-column elementor-element elementor-element-4fc9693\" data-id=\"4fc9693\" data-element_type=\"column\" data-e-type=\"column\">\n\t\t\t<div class=\"elementor-widget-wrap elementor-element-populated\">\n\t\t\t\t\t\t<div class=\"elementor-element elementor-element-e652d56 elementor-widget elementor-widget-shortcode\" data-id=\"e652d56\" data-element_type=\"widget\" data-e-type=\"widget\" data-widget_type=\"shortcode.default\">\n\t\t\t\t<div class=\"elementor-widget-container\">\n\t\t\t\t\t\t\t<div class=\"elementor-shortcode\"><div id=\"23748-2\"><script src=\"\/\/ads.themoneytizer.com\/s\/gen.js\"><\/script><script src=\"\/\/ads.themoneytizer.com\/s\/requestform.js?siteId=23748&formatId=2\" ><\/script><\/div><\/div>\n\t\t\t\t\t\t<\/div>\n\t\t\t\t<\/div>\n\t\t\t\t<div class=\"elementor-element elementor-element-e0868c3 elementor-widget elementor-widget-proradio-elementor-qt-caption\" data-id=\"e0868c3\" data-element_type=\"widget\" data-e-type=\"widget\" data-widget_type=\"proradio-elementor-qt-caption.default\">\n\t\t\t\t<div class=\"elementor-widget-container\">\n\t\t\t\t\t\t\t<div>\n\t\t\t<h3  class=\"proradio-element-caption proradio-caption  proradio-caption__s  \" data-qtwaypoints-offset=\"30\" data-qtwaypoints>\t\t\t\t<span>Podcast<\/span>\n\t\t\t\t<\/h3>\t\t<\/div>\n\t\t\t\t\t\t<\/div>\n\t\t\t\t<\/div>\n\t\t\t\t<div class=\"elementor-element elementor-element-18348152 elementor-widget elementor-widget-html\" data-id=\"18348152\" data-element_type=\"widget\" data-e-type=\"widget\" data-widget_type=\"html.default\">\n\t\t\t\t<div class=\"elementor-widget-container\">\n\t\t\t\t\t<iframe style=\"border: 0 solid #D7D7D7;\" src=\"https:\/\/www.ivoox.com\/player_es_podcast_288625_1.html\" width=\"100%\" height=\"500\" frameborder=\"0\" scrolling=\"no\" allowfullscreen=\"allowfullscreen\"><\/iframe>\t\t\t\t<\/div>\n\t\t\t\t<\/div>\n\t\t\t\t\t<\/div>\n\t\t<\/div>\n\t\t\t\t\t<\/div>\n\t\t<\/section>\n\t\t\t\t<section class=\"elementor-section elementor-top-section elementor-element elementor-element-b86c779 elementor-section-boxed elementor-section-height-default elementor-section-height-default\" data-id=\"b86c779\" data-element_type=\"section\" data-e-type=\"section\">\n\t\t\t\t\t\t<div class=\"elementor-container elementor-column-gap-default\">\n\t\t\t\t\t<div class=\"elementor-column elementor-col-100 elementor-top-column elementor-element elementor-element-ea27cf3\" data-id=\"ea27cf3\" data-element_type=\"column\" data-e-type=\"column\">\n\t\t\t<div class=\"elementor-widget-wrap elementor-element-populated\">\n\t\t\t\t\t\t<div class=\"elementor-element elementor-element-eb91323 elementor-widget elementor-widget-shortcode\" data-id=\"eb91323\" data-element_type=\"widget\" data-e-type=\"widget\" data-widget_type=\"shortcode.default\">\n\t\t\t\t<div class=\"elementor-widget-container\">\n\t\t\t\t\t\t\t<div class=\"elementor-shortcode\"><div  class=\"outbrain-tm\" id=\"23748-16\"><script src=\"\/\/ads.themoneytizer.com\/s\/gen.js\"><\/script><script src=\"\/\/ads.themoneytizer.com\/s\/requestform.js?siteId=23748&formatId=16\" ><\/script><\/div><\/div>\n\t\t\t\t\t\t<\/div>\n\t\t\t\t<\/div>\n\t\t\t\t\t<\/div>\n\t\t<\/div>\n\t\t\t\t\t<\/div>\n\t\t<\/section>\n\t\t\t\t<section class=\"elementor-section elementor-top-section elementor-element elementor-element-747b497c elementor-section-content-middle elementor-section-boxed elementor-section-height-default elementor-section-height-default\" data-id=\"747b497c\" data-element_type=\"section\" data-e-type=\"section\" data-settings=\"{&quot;background_background&quot;:&quot;classic&quot;}\">\n\t\t\t\t\t\t<div class=\"elementor-container elementor-column-gap-wider\">\n\t\t\t\t\t<div class=\"elementor-column elementor-col-66 elementor-top-column elementor-element elementor-element-53499e04\" data-id=\"53499e04\" data-element_type=\"column\" data-e-type=\"column\">\n\t\t\t<div class=\"elementor-widget-wrap elementor-element-populated\">\n\t\t\t\t\t\t<div class=\"elementor-element elementor-element-7d5129eb elementor-widget elementor-widget-text-editor\" data-id=\"7d5129eb\" data-element_type=\"widget\" data-e-type=\"widget\" data-widget_type=\"text-editor.default\">\n\t\t\t\t<div class=\"elementor-widget-container\">\n\t\t\t\t\t\t\t\t\t<p><img loading=\"lazy\" decoding=\"async\" class=\" wp-image-4549 alignleft\" src=\"https:\/\/www.lafresca.fm\/f-solosog\/2018\/10\/phone-call.png\" alt=\"\" width=\"21\" height=\"21\"><strong><span style=\"font-size: 20px;\">965 56 53 53<\/span><\/strong><\/p>\n<p><img loading=\"lazy\" decoding=\"async\" class=\"size-full wp-image-4548 alignleft\" src=\"https:\/\/www.lafresca.fm\/f-solosog\/2018\/10\/envelope-1.png\" alt=\"\" width=\"23\" height=\"23\"> <span style=\"font-size: 20px;\">redaccion@lafrescafm.com<\/span><\/p>\t\t\t\t\t\t\t\t<\/div>\n\t\t\t\t<\/div>\n\t\t\t\t\t<\/div>\n\t\t<\/div>\n\t\t\t\t<div class=\"elementor-column elementor-col-33 elementor-top-column elementor-element elementor-element-452546a\" data-id=\"452546a\" data-element_type=\"column\" data-e-type=\"column\">\n\t\t\t<div class=\"elementor-widget-wrap elementor-element-populated\">\n\t\t\t\t\t\t<div class=\"elementor-element elementor-element-25e99349 elementor-shape-rounded elementor-grid-0 e-grid-align-center elementor-widget elementor-widget-social-icons\" data-id=\"25e99349\" data-element_type=\"widget\" data-e-type=\"widget\" data-widget_type=\"social-icons.default\">\n\t\t\t\t<div class=\"elementor-widget-container\">\n\t\t\t\t\t\t\t<div class=\"elementor-social-icons-wrapper elementor-grid\" role=\"list\">\n\t\t\t\t\t\t\t<span class=\"elementor-grid-item\" role=\"listitem\">\n\t\t\t\t\t<a class=\"elementor-icon elementor-social-icon elementor-social-icon-facebook elementor-repeater-item-38706e8\" href=\"https:\/\/facebook.com\/lafrescafmalicante\" target=\"_blank\">\n\t\t\t\t\t\t<span class=\"elementor-screen-only\">Facebook<\/span>\n\t\t\t\t\t\t<i aria-hidden=\"true\" class=\"fab fa-facebook\"><\/i>\t\t\t\t\t<\/a>\n\t\t\t\t<\/span>\n\t\t\t\t\t\t\t<span class=\"elementor-grid-item\" role=\"listitem\">\n\t\t\t\t\t<a class=\"elementor-icon elementor-social-icon elementor-social-icon-twitter elementor-repeater-item-db2918a\" href=\"https:\/\/twitter.com\/lafrescafmalicante\" target=\"_blank\">\n\t\t\t\t\t\t<span class=\"elementor-screen-only\">Twitter<\/span>\n\t\t\t\t\t\t<i aria-hidden=\"true\" class=\"fab fa-twitter\"><\/i>\t\t\t\t\t<\/a>\n\t\t\t\t<\/span>\n\t\t\t\t\t\t\t<span class=\"elementor-grid-item\" role=\"listitem\">\n\t\t\t\t\t<a class=\"elementor-icon elementor-social-icon elementor-social-icon-instagram elementor-repeater-item-c450624\" href=\"https:\/\/instagram.com\/lafrescafmalicante\" target=\"_blank\">\n\t\t\t\t\t\t<span class=\"elementor-screen-only\">Instagram<\/span>\n\t\t\t\t\t\t<i aria-hidden=\"true\" class=\"fab fa-instagram\"><\/i>\t\t\t\t\t<\/a>\n\t\t\t\t<\/span>\n\t\t\t\t\t<\/div>\n\t\t\t\t\t\t<\/div>\n\t\t\t\t<\/div>\n\t\t\t\t\t<\/div>\n\t\t<\/div>\n\t\t\t\t\t<\/div>\n\t\t<\/section>\n\t\t\t\t<\/div>\n\t\t\n<script>function PlayerjsAsync(){} if(window[\"Playerjs\"]){PlayerjsAsync();}<\/script>","protected":false},"featured_media":8059,"menu_order":5,"template":"","radio-genre":[],"class_list":["post-4342","radiochannel","type-radiochannel","status-publish","has-post-thumbnail","hentry"],"aioseo_notices":[],"aioseo_head":"\n\t\t\n\t<meta name=\"description\" content=\"El Ayuntamiento y Ecovidrio impulsan esta campa\u00f1a de sensibilizaci\u00f3n, que contar\u00e1 con acciones espec\u00edficas los d\u00edas 2 y 3 de septiembre y la participaci\u00f3n de las compars- El Ayuntamiento de Castalla y Ecovidrio, en colaboraci\u00f3n con la Generalitat Valenciana, ponen en marcha una nueva edici\u00f3n de \u2018La Reconquista del Vidrio\u2019, una iniciativa que tiene como\" \/>\n\t<meta name=\"robots\" content=\"max-image-preview:large\" \/>\n\t<meta name=\"author\" content=\"Redacci\u00f3n\"\/>\n\t<link rel=\"canonical\" href=\"https:\/\/www.lafresca.fm\/castalla-se-suma-a-la-reconquista-del-vidrio-para-fomentar-el-reciclaje-durante-las-fiestas-de-moros-y-cristianos\/\" \/>\n\t<meta name=\"generator\" content=\"All in One SEO (AIOSEO) 5.0.0.1\" \/>\n\t\t<meta property=\"og:locale\" content=\"es_ES\" \/>\n\t\t<meta property=\"og:site_name\" content=\"laFRESCA - \u00a1Estamos de moda!\" \/>\n\t\t<meta property=\"og:type\" content=\"article\" \/>\n\t\t<meta property=\"og:title\" content=\"Castalla se suma a \u2018La Reconquista del Vidrio\u2019 para fomentar el reciclaje durante las fiestas de Moros y Cristianos - laFRESCA\" \/>\n\t\t<meta property=\"og:description\" content=\"El Ayuntamiento y Ecovidrio impulsan esta campa\u00f1a de sensibilizaci\u00f3n, que contar\u00e1 con acciones espec\u00edficas los d\u00edas 2 y 3 de septiembre y la participaci\u00f3n de las compars- El Ayuntamiento de Castalla y Ecovidrio, en colaboraci\u00f3n con la Generalitat Valenciana, ponen en marcha una nueva edici\u00f3n de \u2018La Reconquista del Vidrio\u2019, una iniciativa que tiene como\" \/>\n\t\t<meta property=\"og:url\" content=\"https:\/\/www.lafresca.fm\/castalla-se-suma-a-la-reconquista-del-vidrio-para-fomentar-el-reciclaje-durante-las-fiestas-de-moros-y-cristianos\/\" \/>\n\t\t<meta property=\"og:image\" content=\"https:\/\/www.lafresca.fm\/f-solosog\/2026\/08\/Captura.png\" \/>\n\t\t<meta property=\"og:image:secure_url\" content=\"https:\/\/www.lafresca.fm\/f-solosog\/2026\/08\/Captura.png\" \/>\n\t\t<meta property=\"og:image:width\" content=\"923\" \/>\n\t\t<meta property=\"og:image:height\" content=\"735\" \/>\n\t\t<meta property=\"article:published_time\" content=\"2026-08-31T09:23:28+00:00\" \/>\n\t\t<meta property=\"article:modified_time\" content=\"2026-08-31T09:23:28+00:00\" \/>\n\t\t<meta property=\"article:publisher\" content=\"https:\/\/facebook.com\/lafresca.es\" \/>\n\t\t<meta name=\"twitter:card\" content=\"summary_large_image\" \/>\n\t\t<meta name=\"twitter:site\" content=\"@frescafm\" \/>\n\t\t<meta name=\"twitter:title\" content=\"Castalla se suma a \u2018La Reconquista del Vidrio\u2019 para fomentar el reciclaje durante las fiestas de Moros y Cristianos - laFRESCA\" \/>\n\t\t<meta name=\"twitter:description\" content=\"El Ayuntamiento y Ecovidrio impulsan esta campa\u00f1a de sensibilizaci\u00f3n, que contar\u00e1 con acciones espec\u00edficas los d\u00edas 2 y 3 de septiembre y la participaci\u00f3n de las compars- El Ayuntamiento de Castalla y Ecovidrio, en colaboraci\u00f3n con la Generalitat Valenciana, ponen en marcha una nueva edici\u00f3n de \u2018La Reconquista del Vidrio\u2019, una iniciativa que tiene como\" \/>\n\t\t<meta name=\"twitter:image\" content=\"https:\/\/www.lafresca.fm\/f-solosog\/2026\/08\/Captura.png\" \/>\n\t\t<script type=\"application\/ld+json\" class=\"aioseo-schema\">\n\t\t\t{\"@context\":\"https:\\\/\\\/schema.org\",\"@graph\":[{\"@type\":\"BlogPosting\",\"@id\":\"https:\\\/\\\/www.lafresca.fm\\\/castalla-se-suma-a-la-reconquista-del-vidrio-para-fomentar-el-reciclaje-durante-las-fiestas-de-moros-y-cristianos\\\/#blogposting\",\"name\":\"Castalla se suma a \\u2018La Reconquista del Vidrio\\u2019 para fomentar el reciclaje durante las fiestas de Moros y Cristianos - laFRESCA\",\"headline\":\"Castalla se suma a \\u2018La Reconquista del Vidrio\\u2019 para fomentar el reciclaje durante las fiestas de Moros y Cristianos\",\"author\":{\"@id\":\"https:\\\/\\\/www.lafresca.fm\\\/author\\\/adri\\\/#author\"},\"publisher\":{\"@id\":\"https:\\\/\\\/www.lafresca.fm\\\/#organization\"},\"image\":{\"@type\":\"ImageObject\",\"url\":\"https:\\\/\\\/www.lafresca.fm\\\/wp-content\\\/uploads\\\/2026\\\/08\\\/Captura.png\",\"width\":923,\"height\":735},\"datePublished\":\"2026-08-31T11:23:28+02:00\",\"dateModified\":\"2026-08-31T11:23:28+02:00\",\"inLanguage\":\"es-ES\",\"mainEntityOfPage\":{\"@id\":\"https:\\\/\\\/www.lafresca.fm\\\/castalla-se-suma-a-la-reconquista-del-vidrio-para-fomentar-el-reciclaje-durante-las-fiestas-de-moros-y-cristianos\\\/#webpage\"},\"isPartOf\":{\"@id\":\"https:\\\/\\\/www.lafresca.fm\\\/castalla-se-suma-a-la-reconquista-del-vidrio-para-fomentar-el-reciclaje-durante-las-fiestas-de-moros-y-cristianos\\\/#webpage\"},\"articleSection\":\"Interior de Alicante\"},{\"@type\":\"BreadcrumbList\",\"@id\":\"https:\\\/\\\/www.lafresca.fm\\\/castalla-se-suma-a-la-reconquista-del-vidrio-para-fomentar-el-reciclaje-durante-las-fiestas-de-moros-y-cristianos\\\/#breadcrumblist\",\"itemListElement\":[{\"@type\":\"ListItem\",\"@id\":\"https:\\\/\\\/www.lafresca.fm#listItem\",\"position\":1,\"name\":\"Inicio\",\"item\":\"https:\\\/\\\/www.lafresca.fm\",\"nextItem\":{\"@type\":\"ListItem\",\"@id\":\"https:\\\/\\\/www.lafresca.fm\\\/emision\\\/#listItem\",\"name\":\"Canales de radio\"}},{\"@type\":\"ListItem\",\"@id\":\"https:\\\/\\\/www.lafresca.fm\\\/emision\\\/#listItem\",\"position\":2,\"name\":\"Canales de radio\",\"item\":\"https:\\\/\\\/www.lafresca.fm\\\/emision\\\/\",\"nextItem\":{\"@type\":\"ListItem\",\"@id\":\"https:\\\/\\\/www.lafresca.fm\\\/emision\\\/alicante\\\/#listItem\",\"name\":\"Interior de Alicante\"},\"previousItem\":{\"@type\":\"ListItem\",\"@id\":\"https:\\\/\\\/www.lafresca.fm#listItem\",\"name\":\"Inicio\"}},{\"@type\":\"ListItem\",\"@id\":\"https:\\\/\\\/www.lafresca.fm\\\/emision\\\/alicante\\\/#listItem\",\"position\":3,\"name\":\"Interior de Alicante\",\"previousItem\":{\"@type\":\"ListItem\",\"@id\":\"https:\\\/\\\/www.lafresca.fm\\\/emision\\\/#listItem\",\"name\":\"Canales de radio\"}}]},{\"@type\":\"Organization\",\"@id\":\"https:\\\/\\\/www.lafresca.fm\\\/#organization\",\"name\":\"laFRESCA\",\"description\":\"\\u00a1Estamos de moda!\",\"url\":\"https:\\\/\\\/www.lafresca.fm\\\/\",\"logo\":{\"@type\":\"ImageObject\",\"url\":\"https:\\\/\\\/www.lafresca.fm\\\/wp-content\\\/uploads\\\/2020\\\/06\\\/logo-opaque.png\",\"@id\":\"https:\\\/\\\/www.lafresca.fm\\\/castalla-se-suma-a-la-reconquista-del-vidrio-para-fomentar-el-reciclaje-durante-las-fiestas-de-moros-y-cristianos\\\/#organizationLogo\",\"width\":766,\"height\":156},\"image\":{\"@id\":\"https:\\\/\\\/www.lafresca.fm\\\/castalla-se-suma-a-la-reconquista-del-vidrio-para-fomentar-el-reciclaje-durante-las-fiestas-de-moros-y-cristianos\\\/#organizationLogo\"},\"sameAs\":[\"https:\\\/\\\/instagram.com\\\/lafrescafm\"]},{\"@type\":\"Person\",\"@id\":\"https:\\\/\\\/www.lafresca.fm\\\/author\\\/adri\\\/#author\",\"url\":\"https:\\\/\\\/www.lafresca.fm\\\/author\\\/adri\\\/\",\"name\":\"Redacci\\u00f3n\",\"image\":{\"@type\":\"ImageObject\",\"@id\":\"https:\\\/\\\/www.lafresca.fm\\\/castalla-se-suma-a-la-reconquista-del-vidrio-para-fomentar-el-reciclaje-durante-las-fiestas-de-moros-y-cristianos\\\/#authorImage\",\"url\":\"https:\\\/\\\/secure.gravatar.com\\\/avatar\\\/bbe35c7902c79b0cbe5a3eebbf91e29b5b70c6c0fcbe3d629eff0f3635a1cf2c?s=96&d=mm&r=g\",\"width\":96,\"height\":96,\"caption\":\"Redacci\\u00f3n\"}},{\"@type\":\"WebPage\",\"@id\":\"https:\\\/\\\/www.lafresca.fm\\\/castalla-se-suma-a-la-reconquista-del-vidrio-para-fomentar-el-reciclaje-durante-las-fiestas-de-moros-y-cristianos\\\/#webpage\",\"url\":\"https:\\\/\\\/www.lafresca.fm\\\/castalla-se-suma-a-la-reconquista-del-vidrio-para-fomentar-el-reciclaje-durante-las-fiestas-de-moros-y-cristianos\\\/\",\"name\":\"Castalla se suma a \\u2018La Reconquista del Vidrio\\u2019 para fomentar el reciclaje durante las fiestas de Moros y Cristianos - laFRESCA\",\"description\":\"El Ayuntamiento y Ecovidrio impulsan esta campa\\u00f1a de sensibilizaci\\u00f3n, que contar\\u00e1 con acciones espec\\u00edficas los d\\u00edas 2 y 3 de septiembre y la participaci\\u00f3n de las compars- El Ayuntamiento de Castalla y Ecovidrio, en colaboraci\\u00f3n con la Generalitat Valenciana, ponen en marcha una nueva edici\\u00f3n de \\u2018La Reconquista del Vidrio\\u2019, una iniciativa que tiene como\",\"inLanguage\":\"es-ES\",\"isPartOf\":{\"@id\":\"https:\\\/\\\/www.lafresca.fm\\\/#website\"},\"breadcrumb\":{\"@id\":\"https:\\\/\\\/www.lafresca.fm\\\/castalla-se-suma-a-la-reconquista-del-vidrio-para-fomentar-el-reciclaje-durante-las-fiestas-de-moros-y-cristianos\\\/#breadcrumblist\"},\"author\":{\"@id\":\"https:\\\/\\\/www.lafresca.fm\\\/author\\\/adri\\\/#author\"},\"creator\":{\"@id\":\"https:\\\/\\\/www.lafresca.fm\\\/author\\\/adri\\\/#author\"},\"image\":{\"@type\":\"ImageObject\",\"url\":\"https:\\\/\\\/www.lafresca.fm\\\/wp-content\\\/uploads\\\/2026\\\/08\\\/Captura.png\",\"@id\":\"https:\\\/\\\/www.lafresca.fm\\\/castalla-se-suma-a-la-reconquista-del-vidrio-para-fomentar-el-reciclaje-durante-las-fiestas-de-moros-y-cristianos\\\/#mainImage\",\"width\":923,\"height\":735},\"primaryImageOfPage\":{\"@id\":\"https:\\\/\\\/www.lafresca.fm\\\/castalla-se-suma-a-la-reconquista-del-vidrio-para-fomentar-el-reciclaje-durante-las-fiestas-de-moros-y-cristianos\\\/#mainImage\"},\"datePublished\":\"2026-08-31T11:23:28+02:00\",\"dateModified\":\"2026-08-31T11:23:28+02:00\"},{\"@type\":\"WebSite\",\"@id\":\"https:\\\/\\\/www.lafresca.fm\\\/#website\",\"url\":\"https:\\\/\\\/www.lafresca.fm\\\/\",\"name\":\"laFRESCA\",\"description\":\"\\u00a1Estamos de moda!\",\"inLanguage\":\"es-ES\",\"publisher\":{\"@id\":\"https:\\\/\\\/www.lafresca.fm\\\/#organization\"}}]}\n\t\t<\/script>\n\t\t\n\n","aioseo_head_json":{"title":"Castalla se suma a \u2018La Reconquista del Vidrio\u2019 para fomentar el reciclaje durante las fiestas de Moros y Cristianos - laFRESCA","description":"El Ayuntamiento y Ecovidrio impulsan esta campa\u00f1a de sensibilizaci\u00f3n, que contar\u00e1 con acciones espec\u00edficas los d\u00edas 2 y 3 de septiembre y la participaci\u00f3n de las compars- El Ayuntamiento de Castalla y Ecovidrio, en colaboraci\u00f3n con la Generalitat Valenciana, ponen en marcha una nueva edici\u00f3n de \u2018La Reconquista del Vidrio\u2019, una iniciativa que tiene como","canonical_url":"https:\/\/www.lafresca.fm\/castalla-se-suma-a-la-reconquista-del-vidrio-para-fomentar-el-reciclaje-durante-las-fiestas-de-moros-y-cristianos\/","robots":"max-image-preview:large","keywords":"","webmasterTools":{"miscellaneous":""},"schema":{"@context":"https:\/\/schema.org","@graph":[{"@type":"BlogPosting","@id":"https:\/\/www.lafresca.fm\/castalla-se-suma-a-la-reconquista-del-vidrio-para-fomentar-el-reciclaje-durante-las-fiestas-de-moros-y-cristianos\/#blogposting","name":"Castalla se suma a \u2018La Reconquista del Vidrio\u2019 para fomentar el reciclaje durante las fiestas de Moros y Cristianos - laFRESCA","headline":"Castalla se suma a \u2018La Reconquista del Vidrio\u2019 para fomentar el reciclaje durante las fiestas de Moros y Cristianos","author":{"@id":"https:\/\/www.lafresca.fm\/author\/adri\/#author"},"publisher":{"@id":"https:\/\/www.lafresca.fm\/#organization"},"image":{"@type":"ImageObject","url":"https:\/\/www.lafresca.fm\/f-solosog\/2026\/08\/Captura.png","width":923,"height":735},"datePublished":"2026-08-31T11:23:28+02:00","dateModified":"2026-08-31T11:23:28+02:00","inLanguage":"es-ES","mainEntityOfPage":{"@id":"https:\/\/www.lafresca.fm\/castalla-se-suma-a-la-reconquista-del-vidrio-para-fomentar-el-reciclaje-durante-las-fiestas-de-moros-y-cristianos\/#webpage"},"isPartOf":{"@id":"https:\/\/www.lafresca.fm\/castalla-se-suma-a-la-reconquista-del-vidrio-para-fomentar-el-reciclaje-durante-las-fiestas-de-moros-y-cristianos\/#webpage"},"articleSection":"Interior de Alicante"},{"@type":"BreadcrumbList","@id":"https:\/\/www.lafresca.fm\/castalla-se-suma-a-la-reconquista-del-vidrio-para-fomentar-el-reciclaje-durante-las-fiestas-de-moros-y-cristianos\/#breadcrumblist","itemListElement":[{"@type":"ListItem","@id":"https:\/\/www.lafresca.fm#listItem","position":1,"name":"Inicio","item":"https:\/\/www.lafresca.fm","nextItem":{"@type":"ListItem","@id":"https:\/\/www.lafresca.fm\/emision\/#listItem","name":"Canales de radio"}},{"@type":"ListItem","@id":"https:\/\/www.lafresca.fm\/emision\/#listItem","position":2,"name":"Canales de radio","item":"https:\/\/www.lafresca.fm\/emision\/","nextItem":{"@type":"ListItem","@id":"https:\/\/www.lafresca.fm\/emision\/alicante\/#listItem","name":"Interior de Alicante"},"previousItem":{"@type":"ListItem","@id":"https:\/\/www.lafresca.fm#listItem","name":"Inicio"}},{"@type":"ListItem","@id":"https:\/\/www.lafresca.fm\/emision\/alicante\/#listItem","position":3,"name":"Interior de Alicante","previousItem":{"@type":"ListItem","@id":"https:\/\/www.lafresca.fm\/emision\/#listItem","name":"Canales de radio"}}]},{"@type":"Organization","@id":"https:\/\/www.lafresca.fm\/#organization","name":"laFRESCA","description":"\u00a1Estamos de moda!","url":"https:\/\/www.lafresca.fm\/","logo":{"@type":"ImageObject","url":"https:\/\/www.lafresca.fm\/f-solosog\/2020\/06\/logo-opaque.png","@id":"https:\/\/www.lafresca.fm\/castalla-se-suma-a-la-reconquista-del-vidrio-para-fomentar-el-reciclaje-durante-las-fiestas-de-moros-y-cristianos\/#organizationLogo","width":766,"height":156},"image":{"@id":"https:\/\/www.lafresca.fm\/castalla-se-suma-a-la-reconquista-del-vidrio-para-fomentar-el-reciclaje-durante-las-fiestas-de-moros-y-cristianos\/#organizationLogo"},"sameAs":["https:\/\/instagram.com\/lafrescafm"]},{"@type":"Person","@id":"https:\/\/www.lafresca.fm\/author\/adri\/#author","url":"https:\/\/www.lafresca.fm\/author\/adri\/","name":"Redacci\u00f3n","image":{"@type":"ImageObject","@id":"https:\/\/www.lafresca.fm\/castalla-se-suma-a-la-reconquista-del-vidrio-para-fomentar-el-reciclaje-durante-las-fiestas-de-moros-y-cristianos\/#authorImage","url":"https:\/\/secure.gravatar.com\/avatar\/bbe35c7902c79b0cbe5a3eebbf91e29b5b70c6c0fcbe3d629eff0f3635a1cf2c?s=96&d=mm&r=g","width":96,"height":96,"caption":"Redacci\u00f3n"}},{"@type":"WebPage","@id":"https:\/\/www.lafresca.fm\/castalla-se-suma-a-la-reconquista-del-vidrio-para-fomentar-el-reciclaje-durante-las-fiestas-de-moros-y-cristianos\/#webpage","url":"https:\/\/www.lafresca.fm\/castalla-se-suma-a-la-reconquista-del-vidrio-para-fomentar-el-reciclaje-durante-las-fiestas-de-moros-y-cristianos\/","name":"Castalla se suma a \u2018La Reconquista del Vidrio\u2019 para fomentar el reciclaje durante las fiestas de Moros y Cristianos - laFRESCA","description":"El Ayuntamiento y Ecovidrio impulsan esta campa\u00f1a de sensibilizaci\u00f3n, que contar\u00e1 con acciones espec\u00edficas los d\u00edas 2 y 3 de septiembre y la participaci\u00f3n de las compars- El Ayuntamiento de Castalla y Ecovidrio, en colaboraci\u00f3n con la Generalitat Valenciana, ponen en marcha una nueva edici\u00f3n de \u2018La Reconquista del Vidrio\u2019, una iniciativa que tiene como","inLanguage":"es-ES","isPartOf":{"@id":"https:\/\/www.lafresca.fm\/#website"},"breadcrumb":{"@id":"https:\/\/www.lafresca.fm\/castalla-se-suma-a-la-reconquista-del-vidrio-para-fomentar-el-reciclaje-durante-las-fiestas-de-moros-y-cristianos\/#breadcrumblist"},"author":{"@id":"https:\/\/www.lafresca.fm\/author\/adri\/#author"},"creator":{"@id":"https:\/\/www.lafresca.fm\/author\/adri\/#author"},"image":{"@type":"ImageObject","url":"https:\/\/www.lafresca.fm\/f-solosog\/2026\/08\/Captura.png","@id":"https:\/\/www.lafresca.fm\/castalla-se-suma-a-la-reconquista-del-vidrio-para-fomentar-el-reciclaje-durante-las-fiestas-de-moros-y-cristianos\/#mainImage","width":923,"height":735},"primaryImageOfPage":{"@id":"https:\/\/www.lafresca.fm\/castalla-se-suma-a-la-reconquista-del-vidrio-para-fomentar-el-reciclaje-durante-las-fiestas-de-moros-y-cristianos\/#mainImage"},"datePublished":"2026-08-31T11:23:28+02:00","dateModified":"2026-08-31T11:23:28+02:00"},{"@type":"WebSite","@id":"https:\/\/www.lafresca.fm\/#website","url":"https:\/\/www.lafresca.fm\/","name":"laFRESCA","description":"\u00a1Estamos de moda!","inLanguage":"es-ES","publisher":{"@id":"https:\/\/www.lafresca.fm\/#organization"}}]},"og:locale":"es_ES","og:site_name":"laFRESCA - \u00a1Estamos de moda!","og:type":"article","og:title":"Castalla se suma a \u2018La Reconquista del Vidrio\u2019 para fomentar el reciclaje durante las fiestas de Moros y Cristianos - laFRESCA","og:description":"El Ayuntamiento y Ecovidrio impulsan esta campa\u00f1a de sensibilizaci\u00f3n, que contar\u00e1 con acciones espec\u00edficas los d\u00edas 2 y 3 de septiembre y la participaci\u00f3n de las compars- El Ayuntamiento de Castalla y Ecovidrio, en colaboraci\u00f3n con la Generalitat Valenciana, ponen en marcha una nueva edici\u00f3n de \u2018La Reconquista del Vidrio\u2019, una iniciativa que tiene como","og:url":"https:\/\/www.lafresca.fm\/castalla-se-suma-a-la-reconquista-del-vidrio-para-fomentar-el-reciclaje-durante-las-fiestas-de-moros-y-cristianos\/","og:image":"https:\/\/www.lafresca.fm\/f-solosog\/2026\/08\/Captura.png","og:image:secure_url":"https:\/\/www.lafresca.fm\/f-solosog\/2026\/08\/Captura.png","og:image:width":923,"og:image:height":735,"article:published_time":"2026-08-31T09:23:28+00:00","article:modified_time":"2026-08-31T09:23:28+00:00","article:publisher":"https:\/\/facebook.com\/lafresca.es","twitter:card":"summary_large_image","twitter:site":"@frescafm","twitter:title":"Castalla se suma a \u2018La Reconquista del Vidrio\u2019 para fomentar el reciclaje durante las fiestas de Moros y Cristianos - laFRESCA","twitter:description":"El Ayuntamiento y Ecovidrio impulsan esta campa\u00f1a de sensibilizaci\u00f3n, que contar\u00e1 con acciones espec\u00edficas los d\u00edas 2 y 3 de septiembre y la participaci\u00f3n de las compars- El Ayuntamiento de Castalla y Ecovidrio, en colaboraci\u00f3n con la Generalitat Valenciana, ponen en marcha una nueva edici\u00f3n de \u2018La Reconquista del Vidrio\u2019, una iniciativa que tiene como","twitter:image":"https:\/\/www.lafresca.fm\/f-solosog\/2026\/08\/Captura.png"},"aioseo_meta_data":{"post_id":"4342","title":null,"description":"Emisi\u00f3n y noticias locales de Interior de Alicante (91.5 FM). Toda la actualizada de la Foia de Castalla y el Valle del Juguete.","keywords":[],"keyphrases":{"focus":{"keyphrase":"laFRESCA interior de alicante","score":46,"analysis":{"keyphraseInTitle":{"score":3,"maxScore":9,"error":1},"keyphraseInDescription":{"score":3,"maxScore":9,"error":1},"keyphraseLength":{"score":9,"maxScore":9,"error":0,"length":4},"keyphraseInURL":{"score":1,"maxScore":5,"error":1},"keyphraseInIntroduction":{"score":3,"maxScore":9,"error":1},"keyphraseInSubHeadings":[],"keyphraseInImageAlt":[]}},"additional":[]},"primary_term":null,"canonical_url":"http:\/\/lafrescafm.com","og_title":null,"og_description":null,"og_object_type":"default","og_image_type":"default","og_image_url":null,"og_image_width":null,"og_image_height":null,"og_image_custom_url":null,"og_image_custom_fields":null,"og_video":"","og_custom_url":null,"og_article_section":null,"og_article_tags":[],"twitter_use_og":false,"twitter_card":"default","twitter_image_type":"default","twitter_image_url":null,"twitter_image_custom_url":null,"twitter_image_custom_fields":null,"twitter_title":null,"twitter_description":null,"schema":{"blockGraphs":[],"customGraphs":[],"default":{"data":{"Article":[],"Course":[],"Dataset":[],"FAQPage":[],"Movie":[],"Person":[],"Product":[],"ProductReview":[],"Car":[],"Recipe":[],"Service":[],"SoftwareApplication":[],"WebPage":{"id":"#aioseo-web-page-63f5fce710c79","slug":"web-page","graphName":"WebPage","label":"P\u00e1gina web","properties":{"type":"WebPage","name":"","description":""}}},"graphName":"WebPage","isEnabled":true},"graphs":[]},"schema_type":"default","schema_type_options":"{\"article\":{\"articleType\":\"BlogPosting\"},\"course\":{\"name\":\"\",\"description\":\"\",\"provider\":\"\"},\"faq\":{\"pages\":[]},\"product\":{\"reviews\":[]},\"recipe\":{\"ingredients\":[],\"instructions\":[],\"keywords\":[]},\"software\":{\"reviews\":[],\"operatingSystems\":[]},\"webPage\":{\"webPageType\":\"WebPage\"},\"blockGraphs\":[]}","pillar_content":false,"robots_default":true,"robots_noindex":false,"robots_noarchive":false,"robots_nosnippet":false,"robots_nofollow":false,"robots_noimageindex":false,"robots_noodp":false,"robots_notranslate":false,"robots_max_snippet":"-1","robots_max_videopreview":"-1","robots_max_imagepreview":"large","priority":null,"frequency":"default","local_seo":null,"breadcrumb_settings":null,"limit_modified_date":false,"ai":null,"created":"2021-09-13 15:18:06","updated":"2025-10-24 22:18:59","seo_analyzer_scan_date":null,"focus_keyword":"laFRESCA interior de alicante","additional_keywords":null,"truseo_locale":null},"aioseo_breadcrumb":"<div class=\"aioseo-breadcrumbs\"><span class=\"aioseo-breadcrumb\">\n\t\t\t<a href=\"https:\/\/www.lafresca.fm\" title=\"Inicio\">Inicio<\/a>\n\t\t<\/span><span class=\"aioseo-breadcrumb-separator\">&raquo;<\/span><span class=\"aioseo-breadcrumb\">\n\t\t\t<a href=\"https:\/\/www.lafresca.fm\/emision\/\" title=\"Canales de radio\">Canales de radio<\/a>\n\t\t<\/span><span class=\"aioseo-breadcrumb-separator\">&raquo;<\/span><span class=\"aioseo-breadcrumb\">\n\t\t\tInterior de Alicante\n\t\t<\/span><\/div>","aioseo_breadcrumb_json":[{"label":"Inicio","link":"https:\/\/www.lafresca.fm"},{"label":"Canales de radio","link":"https:\/\/www.lafresca.fm\/emision\/"},{"label":"Interior de Alicante","link":"https:\/\/www.lafresca.fm\/emision\/alicante\/"}],"_links":{"self":[{"href":"https:\/\/www.lafresca.fm\/fresca-api-json\/wp\/v2\/radiochannel\/4342","targetHints":{"allow":["GET"]}}],"collection":[{"href":"https:\/\/www.lafresca.fm\/fresca-api-json\/wp\/v2\/radiochannel"}],"about":[{"href":"https:\/\/www.lafresca.fm\/fresca-api-json\/wp\/v2\/types\/radiochannel"}],"wp:featuredmedia":[{"embeddable":true,"href":"https:\/\/www.lafresca.fm\/fresca-api-json\/wp\/v2\/media\/8059"}],"wp:attachment":[{"href":"https:\/\/www.lafresca.fm\/fresca-api-json\/wp\/v2\/media?parent=4342"}],"wp:term":[{"taxonomy":"radio-genre","embeddable":true,"href":"https:\/\/www.lafresca.fm\/fresca-api-json\/wp\/v2\/radio-genre?post=4342"}],"curies":[{"name":"wp","href":"https:\/\/api.w.org\/{rel}","templated":true}]}}